{"id":74789,"date":"2023-06-13T08:51:36","date_gmt":"2023-06-13T06:51:36","guid":{"rendered":"https:\/\/anfina.ch\/immobilien\/1260599it-ampio-e-luminoso-3-5-locali-posizione-centrale-stile-anni-70\/"},"modified":"2026-04-29T07:04:11","modified_gmt":"2026-04-29T05:04:11","slug":"1260599it-ampio-e-luminoso-3-5-locali-posizione-centrale-stile-anni-70","status":"publish","type":"casawp_property","link":"https:\/\/anfina.ch\/it\/immobilien\/1260599it-ampio-e-luminoso-3-5-locali-posizione-centrale-stile-anni-70\/","title":{"rendered":"Ampio e luminoso 3,5 locali, posizione centrale, stile anni &#8217;70"},"content":{"rendered":"<h2>Sensazione di vacanza nella vita di tutti i giorni<\/h2>\n<p><p>L&#8217;appartamento si trova nelle immediate vicinanze della stazione ferroviaria e del centro di Cham. Le rive del lago di Zugo sono raggiungibili in soli sette minuti a piedi.<\/p>\n<p>Oltre al centro abitato, fanno parte del comune i villaggi e le frazioni di Lindencham, Friesencham, Rumentikon, Hagendorn, Bibersee, Niederwil, Oberwil, Hatwil, Islikon, Wannh\u00e4usern, Enikon e i Frauenkl\u00f6ster Frauenthal a Hagendorn e Heiligkreuz a Cham.<\/p>\n<p>Da qui si possono fare splendide escursioni giornaliere o trascorrere una piacevole e rinfrescante giornata al lago.<\/p>\n<p>Si ha una &#8220;sensazione di vacanza&#8221; ogni giorno!<\/p>\n<\/p>\n<hr class=\"property-separator\" \/>\n<h2>Luminose stanze e grandi balconi<\/h2>\n<p><p>L&#8217;appartamento si trova al 2\u00b0 piano. Dal disimpegno si accede all&#8217;ampio soggiorno con una completa vetrata frontale e vista sul bellissimo balcone. Dietro l&#8217;angolo si trova una spaziosa cucina con sala da pranzo separata e vista sul balcone.<\/p>\n<p>Un ampio bagno e una toilette separata si trovano sulla destra, alla fine del corridoio. Le due camere da letto o un eventuale studio o sala hobby si trovano proprio accanto alla porta d&#8217;ingresso.<\/p>\n<p>Dall&#8217;ampio balcone, che va dal soggiorno alla sala da pranzo &#8211; con una grande finestra frontale &#8211; si ha una vista sul centro citt\u00e0 e si pu\u00f2 godere di ci\u00f2 che accade nel quartiere. Questo appartamento combina la posizione centrale rispetto alla stazione ferroviaria con la vicinanza al lago, dove \u00e8 possibile fare una piacevole passeggiata sul lungolago la sera dopo il lavoro.<\/p>\n<\/p>\n<hr class=\"property-separator\" \/>\n<h2>Ben organizzato e luminoso appartamento<\/h2>\n<p><p>L&#8217;appartamento ha 96 metri quadrati ed \u00e8 molto ben tagliato. Un generoso balcone si estende su tutto l&#8217;appartamento. La cucina \u00e8 in stile americano &#8211; cucina aperta &#8211; proprio accanto alla sala da pranzo e al soggiorno.\u00a0<\/p>\n<p>Tutti i pavimenti sono stati posati di recente nel 2017 e l&#8217;intero appartamento \u00e8 stato ridipinto tre anni fa.<\/p>\n<p>L&#8217;appartamento dispone di 2 vani cantina e di una propria lavatrice e asciugatrice. Un posto auto sotterraneo \u00e8 incluso nel prezzo di vendita.<\/p><\/p>\n","protected":false},"excerpt":{"rendered":"<p>In pochi minuti a piedi si raggiunge il lago, vista da sogno<\/p>\n","protected":false},"author":0,"featured_media":74790,"parent":0,"menu_order":8,"comment_status":"closed","ping_status":"closed","template":"","meta":{"_acf_changed":false,"footnotes":""},"casawp_category":[63893],"casawp_feature":[63975,63978,63980,63977,63982,63983,63997,63979,63981,63991,64002],"casawp_utility":[63872],"casawp_location":[63898,63916,63915],"casawp_salestype":[63873],"casawp_availability":[63890],"casawp_region":[],"class_list":["post-74789","casawp_property","type-casawp_property","status-publish","has-post-thumbnail","hentry","casawp_category-apartment","casawp_feature-has-balcony","casawp_feature-has-cabletv","casawp_feature-has-elevator","casawp_feature-has-garage","casawp_feature-has-tumbler","casawp_feature-has-washing-machine","casawp_feature-is-animal-friendly","casawp_feature-is-child-friendly","casawp_feature-is-quiet","casawp_feature-is-sunny","casawp_feature-is-well-tended","casawp_utility-residential","casawp_location-country_ch","casawp_location-locality_cham","casawp_location-region_zg","casawp_salestype-buy","casawp_availability-reference"],"acf":[],"yoast_head":"<!-- This site is optimized with the Yoast SEO plugin v24.9 - https:\/\/yoast.com\/wordpress\/plugins\/seo\/ -->\n<title>Ampio e luminoso 3,5 locali, posizione centrale, stile anni &#039;70 - anfina immo ag<\/title>\n<meta name=\"robots\" content=\"index, follow, max-snippet:-1, max-image-preview:large, max-video-preview:-1\" \/>\n<link rel=\"canonical\" href=\"https:\/\/anfina.ch\/immobilien\/1260599de-grosse-helle-3-5-zimmer-zentral-gelegen-und-70er-jahre-stilelemente\/\" \/>\n<meta property=\"og:locale\" content=\"it_IT\" \/>\n<meta property=\"og:type\" content=\"article\" \/>\n<meta property=\"og:title\" content=\"Ampio e luminoso 3,5 locali, posizione centrale, stile anni &#039;70 - anfina immo ag\" \/>\n<meta property=\"og:description\" content=\"In pochi minuti a piedi si raggiunge il lago, vista da sogno\" \/>\n<meta property=\"og:url\" content=\"https:\/\/anfina.ch\/immobilien\/1260599de-grosse-helle-3-5-zimmer-zentral-gelegen-und-70er-jahre-stilelemente\/\" \/>\n<meta property=\"og:site_name\" content=\"anfina immo ag\" \/>\n<meta property=\"article:modified_time\" content=\"2026-04-29T05:04:11+00:00\" \/>\n<meta name=\"twitter:card\" content=\"summary_large_image\" \/>\n<meta name=\"twitter:label1\" content=\"Tempo di lettura stimato\" \/>\n\t<meta name=\"twitter:data1\" content=\"2 minuti\" \/>\n<script type=\"application\/ld+json\" class=\"yoast-schema-graph\">{\"@context\":\"https:\/\/schema.org\",\"@graph\":[{\"@type\":\"WebPage\",\"@id\":\"https:\/\/anfina.ch\/immobilien\/1260599de-grosse-helle-3-5-zimmer-zentral-gelegen-und-70er-jahre-stilelemente\/\",\"url\":\"https:\/\/anfina.ch\/immobilien\/1260599de-grosse-helle-3-5-zimmer-zentral-gelegen-und-70er-jahre-stilelemente\/\",\"name\":\"Ampio e luminoso 3,5 locali, posizione centrale, stile anni '70 - anfina immo ag\",\"isPartOf\":{\"@id\":\"https:\/\/anfina.ch\/#website\"},\"primaryImageOfPage\":{\"@id\":\"https:\/\/anfina.ch\/immobilien\/1260599de-grosse-helle-3-5-zimmer-zentral-gelegen-und-70er-jahre-stilelemente\/#primaryimage\"},\"image\":{\"@id\":\"https:\/\/anfina.ch\/immobilien\/1260599de-grosse-helle-3-5-zimmer-zentral-gelegen-und-70er-jahre-stilelemente\/#primaryimage\"},\"thumbnailUrl\":\"https:\/\/cdn.casasoft.com\/media\/provider-11422\/property-1260599\/81648f5d577e178b5f0496680f0c3032.jpeg?p=xl\",\"datePublished\":\"2023-06-13T06:51:36+00:00\",\"dateModified\":\"2026-04-29T05:04:11+00:00\",\"breadcrumb\":{\"@id\":\"https:\/\/anfina.ch\/immobilien\/1260599de-grosse-helle-3-5-zimmer-zentral-gelegen-und-70er-jahre-stilelemente\/#breadcrumb\"},\"inLanguage\":\"it-IT\",\"potentialAction\":[{\"@type\":\"ReadAction\",\"target\":[\"https:\/\/anfina.ch\/immobilien\/1260599de-grosse-helle-3-5-zimmer-zentral-gelegen-und-70er-jahre-stilelemente\/\"]}]},{\"@type\":\"ImageObject\",\"inLanguage\":\"it-IT\",\"@id\":\"https:\/\/anfina.ch\/immobilien\/1260599de-grosse-helle-3-5-zimmer-zentral-gelegen-und-70er-jahre-stilelemente\/#primaryimage\",\"url\":\"https:\/\/cdn.casasoft.com\/media\/provider-11422\/property-1260599\/81648f5d577e178b5f0496680f0c3032.jpeg?p=xl\",\"contentUrl\":\"https:\/\/cdn.casasoft.com\/media\/provider-11422\/property-1260599\/81648f5d577e178b5f0496680f0c3032.jpeg?p=xl\"},{\"@type\":\"BreadcrumbList\",\"@id\":\"https:\/\/anfina.ch\/immobilien\/1260599de-grosse-helle-3-5-zimmer-zentral-gelegen-und-70er-jahre-stilelemente\/#breadcrumb\",\"itemListElement\":[{\"@type\":\"ListItem\",\"position\":1,\"name\":\"Startseite\",\"item\":\"https:\/\/anfina.ch\/it\/\"},{\"@type\":\"ListItem\",\"position\":2,\"name\":\"Immobilien\",\"item\":\"https:\/\/anfina.ch\/immobilien\/\"},{\"@type\":\"ListItem\",\"position\":3,\"name\":\"Ampio e luminoso 3,5 locali, posizione centrale, stile anni &#8217;70\"}]},{\"@type\":\"WebSite\",\"@id\":\"https:\/\/anfina.ch\/#website\",\"url\":\"https:\/\/anfina.ch\/\",\"name\":\"anfina immo ag\",\"description\":\"\",\"publisher\":{\"@id\":\"https:\/\/anfina.ch\/#organization\"},\"potentialAction\":[{\"@type\":\"SearchAction\",\"target\":{\"@type\":\"EntryPoint\",\"urlTemplate\":\"https:\/\/anfina.ch\/?s={search_term_string}\"},\"query-input\":{\"@type\":\"PropertyValueSpecification\",\"valueRequired\":true,\"valueName\":\"search_term_string\"}}],\"inLanguage\":\"it-IT\"},{\"@type\":\"Organization\",\"@id\":\"https:\/\/anfina.ch\/#organization\",\"name\":\"anfina immo ag\",\"url\":\"https:\/\/anfina.ch\/\",\"logo\":{\"@type\":\"ImageObject\",\"inLanguage\":\"it-IT\",\"@id\":\"https:\/\/anfina.ch\/#\/schema\/logo\/image\/\",\"url\":\"http:\/\/anfina.ch\/wp-content\/uploads\/2024\/02\/New-Logo-anfina-per-Social-.png\",\"contentUrl\":\"http:\/\/anfina.ch\/wp-content\/uploads\/2024\/02\/New-Logo-anfina-per-Social-.png\",\"width\":1125,\"height\":272,\"caption\":\"anfina immo ag\"},\"image\":{\"@id\":\"https:\/\/anfina.ch\/#\/schema\/logo\/image\/\"}}]}<\/script>\n<!-- \/ Yoast SEO plugin. -->","yoast_head_json":{"title":"Ampio e luminoso 3,5 locali, posizione centrale, stile anni '70 - anfina immo ag","robots":{"index":"index","follow":"follow","max-snippet":"max-snippet:-1","max-image-preview":"max-image-preview:large","max-video-preview":"max-video-preview:-1"},"canonical":"https:\/\/anfina.ch\/immobilien\/1260599de-grosse-helle-3-5-zimmer-zentral-gelegen-und-70er-jahre-stilelemente\/","og_locale":"it_IT","og_type":"article","og_title":"Ampio e luminoso 3,5 locali, posizione centrale, stile anni '70 - anfina immo ag","og_description":"In pochi minuti a piedi si raggiunge il lago, vista da sogno","og_url":"https:\/\/anfina.ch\/immobilien\/1260599de-grosse-helle-3-5-zimmer-zentral-gelegen-und-70er-jahre-stilelemente\/","og_site_name":"anfina immo ag","article_modified_time":"2026-04-29T05:04:11+00:00","twitter_card":"summary_large_image","twitter_misc":{"Tempo di lettura stimato":"2 minuti"},"schema":{"@context":"https:\/\/schema.org","@graph":[{"@type":"WebPage","@id":"https:\/\/anfina.ch\/immobilien\/1260599de-grosse-helle-3-5-zimmer-zentral-gelegen-und-70er-jahre-stilelemente\/","url":"https:\/\/anfina.ch\/immobilien\/1260599de-grosse-helle-3-5-zimmer-zentral-gelegen-und-70er-jahre-stilelemente\/","name":"Ampio e luminoso 3,5 locali, posizione centrale, stile anni '70 - anfina immo ag","isPartOf":{"@id":"https:\/\/anfina.ch\/#website"},"primaryImageOfPage":{"@id":"https:\/\/anfina.ch\/immobilien\/1260599de-grosse-helle-3-5-zimmer-zentral-gelegen-und-70er-jahre-stilelemente\/#primaryimage"},"image":{"@id":"https:\/\/anfina.ch\/immobilien\/1260599de-grosse-helle-3-5-zimmer-zentral-gelegen-und-70er-jahre-stilelemente\/#primaryimage"},"thumbnailUrl":"https:\/\/cdn.casasoft.com\/media\/provider-11422\/property-1260599\/81648f5d577e178b5f0496680f0c3032.jpeg?p=xl","datePublished":"2023-06-13T06:51:36+00:00","dateModified":"2026-04-29T05:04:11+00:00","breadcrumb":{"@id":"https:\/\/anfina.ch\/immobilien\/1260599de-grosse-helle-3-5-zimmer-zentral-gelegen-und-70er-jahre-stilelemente\/#breadcrumb"},"inLanguage":"it-IT","potentialAction":[{"@type":"ReadAction","target":["https:\/\/anfina.ch\/immobilien\/1260599de-grosse-helle-3-5-zimmer-zentral-gelegen-und-70er-jahre-stilelemente\/"]}]},{"@type":"ImageObject","inLanguage":"it-IT","@id":"https:\/\/anfina.ch\/immobilien\/1260599de-grosse-helle-3-5-zimmer-zentral-gelegen-und-70er-jahre-stilelemente\/#primaryimage","url":"https:\/\/cdn.casasoft.com\/media\/provider-11422\/property-1260599\/81648f5d577e178b5f0496680f0c3032.jpeg?p=xl","contentUrl":"https:\/\/cdn.casasoft.com\/media\/provider-11422\/property-1260599\/81648f5d577e178b5f0496680f0c3032.jpeg?p=xl"},{"@type":"BreadcrumbList","@id":"https:\/\/anfina.ch\/immobilien\/1260599de-grosse-helle-3-5-zimmer-zentral-gelegen-und-70er-jahre-stilelemente\/#breadcrumb","itemListElement":[{"@type":"ListItem","position":1,"name":"Startseite","item":"https:\/\/anfina.ch\/it\/"},{"@type":"ListItem","position":2,"name":"Immobilien","item":"https:\/\/anfina.ch\/immobilien\/"},{"@type":"ListItem","position":3,"name":"Ampio e luminoso 3,5 locali, posizione centrale, stile anni &#8217;70"}]},{"@type":"WebSite","@id":"https:\/\/anfina.ch\/#website","url":"https:\/\/anfina.ch\/","name":"anfina immo ag","description":"","publisher":{"@id":"https:\/\/anfina.ch\/#organization"},"potentialAction":[{"@type":"SearchAction","target":{"@type":"EntryPoint","urlTemplate":"https:\/\/anfina.ch\/?s={search_term_string}"},"query-input":{"@type":"PropertyValueSpecification","valueRequired":true,"valueName":"search_term_string"}}],"inLanguage":"it-IT"},{"@type":"Organization","@id":"https:\/\/anfina.ch\/#organization","name":"anfina immo ag","url":"https:\/\/anfina.ch\/","logo":{"@type":"ImageObject","inLanguage":"it-IT","@id":"https:\/\/anfina.ch\/#\/schema\/logo\/image\/","url":"http:\/\/anfina.ch\/wp-content\/uploads\/2024\/02\/New-Logo-anfina-per-Social-.png","contentUrl":"http:\/\/anfina.ch\/wp-content\/uploads\/2024\/02\/New-Logo-anfina-per-Social-.png","width":1125,"height":272,"caption":"anfina immo ag"},"image":{"@id":"https:\/\/anfina.ch\/#\/schema\/logo\/image\/"}}]}},"_links":{"self":[{"href":"https:\/\/anfina.ch\/it\/wp-json\/wp\/v2\/casawp_property\/74789","targetHints":{"allow":["GET"]}}],"collection":[{"href":"https:\/\/anfina.ch\/it\/wp-json\/wp\/v2\/casawp_property"}],"about":[{"href":"https:\/\/anfina.ch\/it\/wp-json\/wp\/v2\/types\/casawp_property"}],"replies":[{"embeddable":true,"href":"https:\/\/anfina.ch\/it\/wp-json\/wp\/v2\/comments?post=74789"}],"version-history":[{"count":0,"href":"https:\/\/anfina.ch\/it\/wp-json\/wp\/v2\/casawp_property\/74789\/revisions"}],"wp:featuredmedia":[{"embeddable":true,"href":"https:\/\/anfina.ch\/it\/wp-json\/wp\/v2\/media\/74790"}],"wp:attachment":[{"href":"https:\/\/anfina.ch\/it\/wp-json\/wp\/v2\/media?parent=74789"}],"wp:term":[{"taxonomy":"casawp_category","embeddable":true,"href":"https:\/\/anfina.ch\/it\/wp-json\/wp\/v2\/casawp_category?post=74789"},{"taxonomy":"casawp_feature","embeddable":true,"href":"https:\/\/anfina.ch\/it\/wp-json\/wp\/v2\/casawp_feature?post=74789"},{"taxonomy":"casawp_utility","embeddable":true,"href":"https:\/\/anfina.ch\/it\/wp-json\/wp\/v2\/casawp_utility?post=74789"},{"taxonomy":"casawp_location","embeddable":true,"href":"https:\/\/anfina.ch\/it\/wp-json\/wp\/v2\/casawp_location?post=74789"},{"taxonomy":"casawp_salestype","embeddable":true,"href":"https:\/\/anfina.ch\/it\/wp-json\/wp\/v2\/casawp_salestype?post=74789"},{"taxonomy":"casawp_availability","embeddable":true,"href":"https:\/\/anfina.ch\/it\/wp-json\/wp\/v2\/casawp_availability?post=74789"},{"taxonomy":"casawp_region","embeddable":true,"href":"https:\/\/anfina.ch\/it\/wp-json\/wp\/v2\/casawp_region?post=74789"}],"curies":[{"name":"wp","href":"https:\/\/api.w.org\/{rel}","templated":true}]}}